{"id":896,"date":"2020-09-03T21:25:43","date_gmt":"2020-09-03T19:25:43","guid":{"rendered":"https:\/\/www.alpilles-avocats.com\/?page_id=896"},"modified":"2020-09-28T15:11:41","modified_gmt":"2020-09-28T13:11:41","slug":"droit-des-personnes-et-de-la-famille","status":"publish","type":"page","link":"https:\/\/www.alpilles-avocats.com\/fr_fr\/nos-competences\/droit-des-personnes-et-de-la-famille\/","title":{"rendered":"DROIT DES PERSONNES ET DE LA FAMILLE"},"content":{"rendered":"\t\t<div data-elementor-type=\"wp-page\" data-elementor-id=\"896\" class=\"elementor elementor-896\" data-elementor-post-type=\"page\">\n\t\t\t\t\t\t<section class=\"elementor-section elementor-top-section elementor-element elementor-element-44ab0834 elementor-section-height-min-height elementor-section-items-stretch elementor-section-content-bottom elementor-section-boxed elementor-section-height-default\" data-id=\"44ab0834\" data-element_type=\"section\" data-e-type=\"section\">\n\t\t\t\t\t\t<div class=\"elementor-container elementor-column-gap-narrow\">\n\t\t\t\t\t<div class=\"elementor-column elementor-col-50 elementor-top-column elementor-element elementor-element-18efdc16\" data-id=\"18efdc16\" data-element_type=\"column\" data-e-type=\"column\" data-settings=\"{&quot;background_background&quot;:&quot;classic&quot;}\">\n\t\t\t<div class=\"elementor-widget-wrap elementor-element-populated\">\n\t\t\t\t\t\t<div class=\"elementor-element elementor-element-5dddb23b elementor-widget elementor-widget-heading\" data-id=\"5dddb23b\" data-element_type=\"widget\" data-e-type=\"widget\" data-widget_type=\"heading.default\">\n\t\t\t\t<div class=\"elementor-widget-container\">\n\t\t\t\t\t<h1 class=\"elementor-heading-title elementor-size-default\">DROIT DES PERSONNES <br>ET DE LA FAMILLE<\/h1>\t\t\t\t<\/div>\n\t\t\t\t<\/div>\n\t\t\t\t<div class=\"elementor-element elementor-element-80c3b7b elementor-widget elementor-widget-text-editor\" data-id=\"80c3b7b\" data-element_type=\"widget\" data-e-type=\"widget\" data-widget_type=\"text-editor.default\">\n\t\t\t\t<div class=\"elementor-widget-container\">\n\t\t\t\t\t\t\t\t\t<p>Le cabinet vous accompagne dans le domaine du droit des personnes et de la famille\u00a0: divorce, succession, tutelles, adoption.<\/p><p>Nous vous assistons dans toutes les proc\u00e9dures, amiables ou contentieuses, li\u00e9es au droit de la famille\u00a0: proc\u00e9dure de divorce, partage, droit des successions.<\/p>\t\t\t\t\t\t\t\t<\/div>\n\t\t\t\t<\/div>\n\t\t\t\t\t<\/div>\n\t\t<\/div>\n\t\t\t\t<div class=\"elementor-column elementor-col-25 elementor-top-column elementor-element elementor-element-7dc2e7c4\" data-id=\"7dc2e7c4\" data-element_type=\"column\" data-e-type=\"column\">\n\t\t\t<div class=\"elementor-widget-wrap elementor-element-populated\">\n\t\t\t\t\t\t<div class=\"elementor-element elementor-element-2965a4b3 elementor-widget elementor-widget-image\" data-id=\"2965a4b3\" data-element_type=\"widget\" data-e-type=\"widget\" data-widget_type=\"image.default\">\n\t\t\t\t<div class=\"elementor-widget-container\">\n\t\t\t\t\t\t\t\t\t\t\t\t\t\t\t<img fetchpriority=\"high\" decoding=\"async\" width=\"2560\" height=\"1707\" src=\"https:\/\/www.alpilles-avocats.com\/wp-content\/uploads\/2020\/07\/droit-des-personnes-et-de-la-famille-scaled.jpg\" class=\"attachment-full size-full wp-image-352\" alt=\"\" srcset=\"https:\/\/www.alpilles-avocats.com\/wp-content\/uploads\/2020\/07\/droit-des-personnes-et-de-la-famille-scaled.jpg 2560w, https:\/\/www.alpilles-avocats.com\/wp-content\/uploads\/2020\/07\/droit-des-personnes-et-de-la-famille-300x200.jpg 300w, https:\/\/www.alpilles-avocats.com\/wp-content\/uploads\/2020\/07\/droit-des-personnes-et-de-la-famille-1024x683.jpg 1024w, https:\/\/www.alpilles-avocats.com\/wp-content\/uploads\/2020\/07\/droit-des-personnes-et-de-la-famille-768x512.jpg 768w, https:\/\/www.alpilles-avocats.com\/wp-content\/uploads\/2020\/07\/droit-des-personnes-et-de-la-famille-1536x1024.jpg 1536w, https:\/\/www.alpilles-avocats.com\/wp-content\/uploads\/2020\/07\/droit-des-personnes-et-de-la-famille-2048x1366.jpg 2048w\" sizes=\"(max-width: 2560px) 100vw, 2560px\" \/>\t\t\t\t\t\t\t\t\t\t\t\t\t\t\t<\/div>\n\t\t\t\t<\/div>\n\t\t\t\t\t<\/div>\n\t\t<\/div>\n\t\t\t\t<div class=\"elementor-column elementor-col-25 elementor-top-column elementor-element elementor-element-71ea3a13\" data-id=\"71ea3a13\" data-element_type=\"column\" data-e-type=\"column\">\n\t\t\t<div class=\"elementor-widget-wrap elementor-element-populated\">\n\t\t\t\t\t\t<div class=\"elementor-element elementor-element-d1ac211 elementor-widget-mobile__width-initial animated-slow elementor-widget-tablet__width-initial elementor-hidden-phone elementor-invisible elementor-widget elementor-widget-spacer\" data-id=\"d1ac211\" data-element_type=\"widget\" data-e-type=\"widget\" data-settings=\"{&quot;_animation&quot;:&quot;fadeInRight&quot;}\" data-widget_type=\"spacer.default\">\n\t\t\t\t<div class=\"elementor-widget-container\">\n\t\t\t\t\t\t\t<div class=\"elementor-spacer\">\n\t\t\t<div class=\"elementor-spacer-inner\"><\/div>\n\t\t<\/div>\n\t\t\t\t\t\t<\/div>\n\t\t\t\t<\/div>\n\t\t\t\t\t<\/div>\n\t\t<\/div>\n\t\t\t\t\t<\/div>\n\t\t<\/section>\n\t\t\t\t<section class=\"elementor-section elementor-top-section elementor-element elementor-element-e2927a8 elementor-section-boxed elementor-section-height-default elementor-section-height-default\" data-id=\"e2927a8\" data-element_type=\"section\" data-e-type=\"section\">\n\t\t\t\t\t\t<div class=\"elementor-container elementor-column-gap-default\">\n\t\t\t\t\t<div class=\"elementor-column elementor-col-100 elementor-top-column elementor-element elementor-element-93b1d67\" data-id=\"93b1d67\" data-element_type=\"column\" data-e-type=\"column\">\n\t\t\t<div class=\"elementor-widget-wrap elementor-element-populated\">\n\t\t\t\t\t\t<div class=\"elementor-element elementor-element-b5c9b48 elementor-widget-divider--separator-type-pattern elementor-widget-divider--view-line elementor-widget elementor-widget-global elementor-global-1344 elementor-widget-divider\" data-id=\"b5c9b48\" data-element_type=\"widget\" data-e-type=\"widget\" data-widget_type=\"divider.default\">\n\t\t\t\t<div class=\"elementor-widget-container\">\n\t\t\t\t\t\t\t<div class=\"elementor-divider\" style=\"--divider-pattern-url: url(&quot;data:image\/svg+xml,%3Csvg xmlns=&#039;http:\/\/www.w3.org\/2000\/svg&#039; preserveAspectRatio=&#039;none&#039; overflow=&#039;visible&#039; height=&#039;100%&#039; viewBox=&#039;0 0 20 16&#039; fill=&#039;none&#039; stroke=&#039;black&#039; stroke-width=&#039;1&#039; stroke-linecap=&#039;square&#039; stroke-miterlimit=&#039;10&#039;%3E%3Cg transform=&#039;translate(-12.000000, 0)&#039;%3E%3Cpath d=&#039;M28,0L10,18&#039;\/%3E%3Cpath d=&#039;M18,0L0,18&#039;\/%3E%3Cpath d=&#039;M48,0L30,18&#039;\/%3E%3Cpath d=&#039;M38,0L20,18&#039;\/%3E%3C\/g%3E%3C\/svg%3E&quot;);\">\n\t\t\t<span class=\"elementor-divider-separator\">\n\t\t\t\t\t\t<\/span>\n\t\t<\/div>\n\t\t\t\t\t\t<\/div>\n\t\t\t\t<\/div>\n\t\t\t\t\t<\/div>\n\t\t<\/div>\n\t\t\t\t\t<\/div>\n\t\t<\/section>\n\t\t\t\t<section class=\"elementor-section elementor-top-section elementor-element elementor-element-1d108990 elementor-reverse-tablet elementor-reverse-mobile elementor-section-boxed elementor-section-height-default elementor-section-height-default\" data-id=\"1d108990\" data-element_type=\"section\" data-e-type=\"section\">\n\t\t\t\t\t\t<div class=\"elementor-container elementor-column-gap-no\">\n\t\t\t\t\t<div class=\"elementor-column elementor-col-50 elementor-top-column elementor-element elementor-element-48f106d5\" data-id=\"48f106d5\" data-element_type=\"column\" data-e-type=\"column\">\n\t\t\t<div class=\"elementor-widget-wrap elementor-element-populated\">\n\t\t\t\t\t\t<div class=\"elementor-element elementor-element-44316537 elementor-widget elementor-widget-heading\" data-id=\"44316537\" data-element_type=\"widget\" data-e-type=\"widget\" data-widget_type=\"heading.default\">\n\t\t\t\t<div class=\"elementor-widget-container\">\n\t\t\t\t\t<h2 class=\"elementor-heading-title elementor-size-default\">PROCEDURE DE DIVORCE<br>OU DE SEPARATION<\/h2>\t\t\t\t<\/div>\n\t\t\t\t<\/div>\n\t\t\t\t<div class=\"elementor-element elementor-element-5f1a3a4b elementor-widget elementor-widget-text-editor\" data-id=\"5f1a3a4b\" data-element_type=\"widget\" data-e-type=\"widget\" data-widget_type=\"text-editor.default\">\n\t\t\t\t<div class=\"elementor-widget-container\">\n\t\t\t\t\t\t\t\t\t<ul><li><p><strong><u>S\u00e9paration<\/u><\/strong><\/p><ul><li>R\u00e9sidence de l\u2019enfant<\/li><li>Droit de visite et d\u2019h\u00e9bergement<\/li><li>Pension alimentaire et contribution \u00e0 l\u2019\u00e9ducation et l\u2019entretien de l\u2019enfant<\/li><li>Frais de scolarit\u00e9<\/li><li>Garde altern\u00e9e<\/li><li>Enqu\u00eate sociale<\/li><li>S\u00e9paration de corps<\/li><\/ul><p><strong><u>Divorce<\/u><\/strong><\/p><ul><li>Divorce par consentement mutuel par acte sous seing priv\u00e9 contresign\u00e9 par avocat<\/li><li>Divorce pour faute<\/li><li>Divorce pour alt\u00e9ration du lien conjugal<\/li><li>Prestation compensatoire<\/li><li>Devoirs de secours<\/li><li>Assistance dans le cadre du partage de la communaut\u00e9<\/li><\/ul><p><strong><u>Filiation<\/u><\/strong><\/p><p>Nous vous accompagnons \u00e0 l\u2019occasion d\u2019une proc\u00e9dure d\u2019adoption simple ou pleini\u00e8re, mais aussi lors des proc\u00e9dures de changement de nom ou de pr\u00e9nom.<br \/>Le cabinet intervient \u00e9galement \u00e0 vos c\u00f4tes pour tous les litiges li\u00e9s \u00e0 la filiation\u00a0: contestation ou reconnaissance de paternit\u00e9.<\/p><\/li><\/ul>\t\t\t\t\t\t\t\t<\/div>\n\t\t\t\t<\/div>\n\t\t\t\t<div class=\"elementor-element elementor-element-13fac1fa elementor-mobile-align-center elementor-align-center elementor-widget elementor-widget-button\" data-id=\"13fac1fa\" data-element_type=\"widget\" data-e-type=\"widget\" data-widget_type=\"button.default\">\n\t\t\t\t<div class=\"elementor-widget-container\">\n\t\t\t\t\t\t\t\t\t<div class=\"elementor-button-wrapper\">\n\t\t\t\t\t<a class=\"elementor-button elementor-button-link elementor-size-sm\" href=\"#elementor-action%3Aaction%3Dpopup%3Aopen%26settings%3DeyJpZCI6IjYwNiIsInRvZ2dsZSI6ZmFsc2V9\">\n\t\t\t\t\t\t<span class=\"elementor-button-content-wrapper\">\n\t\t\t\t\t\t\t\t\t<span class=\"elementor-button-text\">Faites appel \u00e0 un avocat <br> pour votre proc\u00e9dure de divorce ou de s\u00e9paration<\/span>\n\t\t\t\t\t<\/span>\n\t\t\t\t\t<\/a>\n\t\t\t\t<\/div>\n\t\t\t\t\t\t\t\t<\/div>\n\t\t\t\t<\/div>\n\t\t\t\t\t<\/div>\n\t\t<\/div>\n\t\t\t\t<div class=\"elementor-column elementor-col-50 elementor-top-column elementor-element elementor-element-2eb68128\" data-id=\"2eb68128\" data-element_type=\"column\" data-e-type=\"column\" data-settings=\"{&quot;background_background&quot;:&quot;classic&quot;}\">\n\t\t\t<div class=\"elementor-widget-wrap elementor-element-populated\">\n\t\t\t\t\t\t<div class=\"elementor-element elementor-element-391dbfd3 elementor-widget elementor-widget-spacer\" data-id=\"391dbfd3\" data-element_type=\"widget\" data-e-type=\"widget\" data-widget_type=\"spacer.default\">\n\t\t\t\t<div class=\"elementor-widget-container\">\n\t\t\t\t\t\t\t<div class=\"elementor-spacer\">\n\t\t\t<div class=\"elementor-spacer-inner\"><\/div>\n\t\t<\/div>\n\t\t\t\t\t\t<\/div>\n\t\t\t\t<\/div>\n\t\t\t\t\t<\/div>\n\t\t<\/div>\n\t\t\t\t\t<\/div>\n\t\t<\/section>\n\t\t\t\t<section class=\"elementor-section elementor-top-section elementor-element elementor-element-3ca45423 elementor-section-boxed elementor-section-height-default elementor-section-height-default\" data-id=\"3ca45423\" data-element_type=\"section\" data-e-type=\"section\">\n\t\t\t\t\t\t<div class=\"elementor-container elementor-column-gap-no\">\n\t\t\t\t\t<div class=\"elementor-column elementor-col-50 elementor-top-column elementor-element elementor-element-1089a979\" data-id=\"1089a979\" data-element_type=\"column\" data-e-type=\"column\" data-settings=\"{&quot;background_background&quot;:&quot;classic&quot;}\">\n\t\t\t<div class=\"elementor-widget-wrap elementor-element-populated\">\n\t\t\t\t\t\t<div class=\"elementor-element elementor-element-45097590 elementor-widget elementor-widget-spacer\" data-id=\"45097590\" data-element_type=\"widget\" data-e-type=\"widget\" data-widget_type=\"spacer.default\">\n\t\t\t\t<div class=\"elementor-widget-container\">\n\t\t\t\t\t\t\t<div class=\"elementor-spacer\">\n\t\t\t<div class=\"elementor-spacer-inner\"><\/div>\n\t\t<\/div>\n\t\t\t\t\t\t<\/div>\n\t\t\t\t<\/div>\n\t\t\t\t\t<\/div>\n\t\t<\/div>\n\t\t\t\t<div class=\"elementor-column elementor-col-50 elementor-top-column elementor-element elementor-element-beb169d\" data-id=\"beb169d\" data-element_type=\"column\" data-e-type=\"column\">\n\t\t\t<div class=\"elementor-widget-wrap elementor-element-populated\">\n\t\t\t\t\t\t<div class=\"elementor-element elementor-element-3e9706ed elementor-widget elementor-widget-heading\" data-id=\"3e9706ed\" data-element_type=\"widget\" data-e-type=\"widget\" data-widget_type=\"heading.default\">\n\t\t\t\t<div class=\"elementor-widget-container\">\n\t\t\t\t\t<h2 class=\"elementor-heading-title elementor-size-default\">DROIT DES SUCCESSIONS<\/h2>\t\t\t\t<\/div>\n\t\t\t\t<\/div>\n\t\t\t\t<div class=\"elementor-element elementor-element-34ee6725 elementor-widget elementor-widget-text-editor\" data-id=\"34ee6725\" data-element_type=\"widget\" data-e-type=\"widget\" data-widget_type=\"text-editor.default\">\n\t\t\t\t<div class=\"elementor-widget-container\">\n\t\t\t\t\t\t\t\t\t<p>Le cabinet ALPILLES AVOCATS vous accompagne vos d\u00e9marches amiables et vos litiges li\u00e9s aux successions\u00a0:<\/p>\t\t\t\t\t\t\t\t<\/div>\n\t\t\t\t<\/div>\n\t\t\t\t<div class=\"elementor-element elementor-element-27d11a63 elementor-widget elementor-widget-text-editor\" data-id=\"27d11a63\" data-element_type=\"widget\" data-e-type=\"widget\" data-widget_type=\"text-editor.default\">\n\t\t\t\t<div class=\"elementor-widget-container\">\n\t\t\t\t\t\t\t\t\t<ul><li>Partage successoral<\/li><li>Testament<\/li><li>Recel successoral<\/li><li>H\u00e9ritage<\/li><li>Donation<\/li><\/ul>\t\t\t\t\t\t\t\t<\/div>\n\t\t\t\t<\/div>\n\t\t\t\t<div class=\"elementor-element elementor-element-69a6b3bd elementor-mobile-align-center elementor-align-center elementor-widget elementor-widget-button\" data-id=\"69a6b3bd\" data-element_type=\"widget\" data-e-type=\"widget\" data-widget_type=\"button.default\">\n\t\t\t\t<div class=\"elementor-widget-container\">\n\t\t\t\t\t\t\t\t\t<div class=\"elementor-button-wrapper\">\n\t\t\t\t\t<a class=\"elementor-button elementor-button-link elementor-size-sm\" href=\"#elementor-action%3Aaction%3Dpopup%3Aopen%26settings%3DeyJpZCI6IjYwNiIsInRvZ2dsZSI6ZmFsc2V9\">\n\t\t\t\t\t\t<span class=\"elementor-button-content-wrapper\">\n\t\t\t\t\t\t\t\t\t<span class=\"elementor-button-text\">Faites appel \u00e0 un avocat <br>pour vos droits de succession<\/span>\n\t\t\t\t\t<\/span>\n\t\t\t\t\t<\/a>\n\t\t\t\t<\/div>\n\t\t\t\t\t\t\t\t<\/div>\n\t\t\t\t<\/div>\n\t\t\t\t\t<\/div>\n\t\t<\/div>\n\t\t\t\t\t<\/div>\n\t\t<\/section>\n\t\t\t\t<section class=\"elementor-section elementor-top-section elementor-element elementor-element-6c397f03 elementor-reverse-tablet elementor-reverse-mobile elementor-section-boxed elementor-section-height-default elementor-section-height-default\" data-id=\"6c397f03\" data-element_type=\"section\" data-e-type=\"section\">\n\t\t\t\t\t\t<div class=\"elementor-container elementor-column-gap-no\">\n\t\t\t\t\t<div class=\"elementor-column elementor-col-50 elementor-top-column elementor-element elementor-element-3ed5838\" data-id=\"3ed5838\" data-element_type=\"column\" data-e-type=\"column\">\n\t\t\t<div class=\"elementor-widget-wrap elementor-element-populated\">\n\t\t\t\t\t\t<div class=\"elementor-element elementor-element-5de192c elementor-widget elementor-widget-heading\" data-id=\"5de192c\" data-element_type=\"widget\" data-e-type=\"widget\" data-widget_type=\"heading.default\">\n\t\t\t\t<div class=\"elementor-widget-container\">\n\t\t\t\t\t<h2 class=\"elementor-heading-title elementor-size-default\">TUTELLES<\/h2>\t\t\t\t<\/div>\n\t\t\t\t<\/div>\n\t\t\t\t<div class=\"elementor-element elementor-element-72787975 elementor-widget elementor-widget-text-editor\" data-id=\"72787975\" data-element_type=\"widget\" data-e-type=\"widget\" data-widget_type=\"text-editor.default\">\n\t\t\t\t<div class=\"elementor-widget-container\">\n\t\t\t\t\t\t\t\t\t<p>La maladie, le handicap, l\u2019accident peuvent alt\u00e9rer les facult\u00e9s d\u2019une personne et la rendre incapable de d\u00e9fendre ses int\u00e9r\u00eats. Le juge peut alors d\u00e9cider d\u2019une mesure de protection juridique (tutelle, curatelle\u2026) par laquelle une autre personne l\u2019aide \u00e0 prot\u00e9ger ses int\u00e9r\u00eats.<\/p><p>Nous vous assistons pour la mise en place ou la contestation d\u2019une mesure de protection d\u2019une personne majeure.<\/p>\t\t\t\t\t\t\t\t<\/div>\n\t\t\t\t<\/div>\n\t\t\t\t<div class=\"elementor-element elementor-element-7aa789d6 elementor-widget elementor-widget-text-editor\" data-id=\"7aa789d6\" data-element_type=\"widget\" data-e-type=\"widget\" data-widget_type=\"text-editor.default\">\n\t\t\t\t<div class=\"elementor-widget-container\">\n\t\t\t\t\t\t\t\t\t<ul><li>Habilitation familiale<\/li><li>Habilitation judiciaire<\/li><li>Sauvegarde de justice<\/li><li>Curatelle simple<\/li><li>Curatelle renforc\u00e9e<\/li><li>Tutelle<\/li><li>Mandat de protection future<\/li><li>Mesures d\u2019accompagnement<\/li><\/ul>\t\t\t\t\t\t\t\t<\/div>\n\t\t\t\t<\/div>\n\t\t\t\t<div class=\"elementor-element elementor-element-ec9baf8 elementor-mobile-align-center elementor-align-center elementor-widget elementor-widget-button\" data-id=\"ec9baf8\" data-element_type=\"widget\" data-e-type=\"widget\" data-widget_type=\"button.default\">\n\t\t\t\t<div class=\"elementor-widget-container\">\n\t\t\t\t\t\t\t\t\t<div class=\"elementor-button-wrapper\">\n\t\t\t\t\t<a class=\"elementor-button elementor-button-link elementor-size-sm\" href=\"#elementor-action%3Aaction%3Dpopup%3Aopen%26settings%3DeyJpZCI6IjYwNiIsInRvZ2dsZSI6ZmFsc2V9\">\n\t\t\t\t\t\t<span class=\"elementor-button-content-wrapper\">\n\t\t\t\t\t\t\t\t\t<span class=\"elementor-button-text\">Faites appel \u00e0 un avocat <br>pour la gestion de tutelles<\/span>\n\t\t\t\t\t<\/span>\n\t\t\t\t\t<\/a>\n\t\t\t\t<\/div>\n\t\t\t\t\t\t\t\t<\/div>\n\t\t\t\t<\/div>\n\t\t\t\t\t<\/div>\n\t\t<\/div>\n\t\t\t\t<div class=\"elementor-column elementor-col-50 elementor-top-column elementor-element elementor-element-6461f686\" data-id=\"6461f686\" data-element_type=\"column\" data-e-type=\"column\" data-settings=\"{&quot;background_background&quot;:&quot;classic&quot;}\">\n\t\t\t<div class=\"elementor-widget-wrap elementor-element-populated\">\n\t\t\t\t\t\t<div class=\"elementor-element elementor-element-379f3d94 elementor-widget elementor-widget-spacer\" data-id=\"379f3d94\" data-element_type=\"widget\" data-e-type=\"widget\" data-widget_type=\"spacer.default\">\n\t\t\t\t<div class=\"elementor-widget-container\">\n\t\t\t\t\t\t\t<div class=\"elementor-spacer\">\n\t\t\t<div class=\"elementor-spacer-inner\"><\/div>\n\t\t<\/div>\n\t\t\t\t\t\t<\/div>\n\t\t\t\t<\/div>\n\t\t\t\t\t<\/div>\n\t\t<\/div>\n\t\t\t\t\t<\/div>\n\t\t<\/section>\n\t\t\t\t<section class=\"elementor-section elementor-top-section elementor-element elementor-element-5cda0eae elementor-section-boxed elementor-section-height-default elementor-section-height-default\" data-id=\"5cda0eae\" data-element_type=\"section\" data-e-type=\"section\">\n\t\t\t\t\t\t<div class=\"elementor-container elementor-column-gap-default\">\n\t\t\t\t\t<div class=\"elementor-column elementor-col-100 elementor-top-column elementor-element elementor-element-212a5311\" data-id=\"212a5311\" data-element_type=\"column\" data-e-type=\"column\">\n\t\t\t<div class=\"elementor-widget-wrap elementor-element-populated\">\n\t\t\t\t\t\t<div class=\"elementor-element elementor-element-7362b041 elementor-widget elementor-widget-spacer\" data-id=\"7362b041\" data-element_type=\"widget\" data-e-type=\"widget\" data-widget_type=\"spacer.default\">\n\t\t\t\t<div class=\"elementor-widget-container\">\n\t\t\t\t\t\t\t<div class=\"elementor-spacer\">\n\t\t\t<div class=\"elementor-spacer-inner\"><\/div>\n\t\t<\/div>\n\t\t\t\t\t\t<\/div>\n\t\t\t\t<\/div>\n\t\t\t\t\t<\/div>\n\t\t<\/div>\n\t\t\t\t\t<\/div>\n\t\t<\/section>\n\t\t\t\t<section class=\"elementor-section elementor-top-section elementor-element elementor-element-9c9e4df elementor-section-boxed elementor-section-height-default elementor-section-height-default\" data-id=\"9c9e4df\" data-element_type=\"section\" data-e-type=\"section\">\n\t\t\t\t\t\t<div class=\"elementor-container elementor-column-gap-default\">\n\t\t\t\t\t<div class=\"elementor-column elementor-col-100 elementor-top-column elementor-element elementor-element-047933f\" data-id=\"047933f\" data-element_type=\"column\" data-e-type=\"column\">\n\t\t\t<div class=\"elementor-widget-wrap elementor-element-populated\">\n\t\t\t\t\t\t<div class=\"elementor-element elementor-element-aea3a93 elementor-post-navigation-borders-yes elementor-widget elementor-widget-global elementor-global-1055 elementor-widget-post-navigation\" data-id=\"aea3a93\" data-element_type=\"widget\" data-e-type=\"widget\" data-widget_type=\"post-navigation.default\">\n\t\t\t\t<div class=\"elementor-widget-container\">\n\t\t\t\t\t\t\t<div class=\"elementor-post-navigation\" role=\"navigation\" aria-label=\"Navigation de publication\">\n\t\t\t<div class=\"elementor-post-navigation__prev elementor-post-navigation__link\">\n\t\t\t\t<a href=\"https:\/\/www.alpilles-avocats.com\/fr_fr\/nos-competences\/droit-du-travail\/\" rel=\"prev\"><span class=\"post-navigation__arrow-wrapper post-navigation__arrow-prev\"><i aria-hidden=\"true\" class=\"fas fa-angle-left\"><\/i><span class=\"elementor-screen-only\">Pr\u00e9c\u00e9dent<\/span><\/span><span class=\"elementor-post-navigation__link__prev\"><span class=\"post-navigation__prev--label\">Pr\u00e9c\u00e9dent<\/span><span class=\"post-navigation__prev--title\">DROIT DU TRAVAIL<\/span><\/span><\/a>\t\t\t<\/div>\n\t\t\t\t\t\t\t<div class=\"elementor-post-navigation__separator-wrapper\">\n\t\t\t\t\t<div class=\"elementor-post-navigation__separator\"><\/div>\n\t\t\t\t<\/div>\n\t\t\t\t\t\t<div class=\"elementor-post-navigation__next elementor-post-navigation__link\">\n\t\t\t\t<a href=\"https:\/\/www.alpilles-avocats.com\/fr_fr\/nos-competences\/droit-penal\/\" rel=\"next\"><span class=\"elementor-post-navigation__link__next\"><span class=\"post-navigation__next--label\">Suivant<\/span><span class=\"post-navigation__next--title\">DROIT PENAL<\/span><\/span><span class=\"post-navigation__arrow-wrapper post-navigation__arrow-next\"><i aria-hidden=\"true\" class=\"fas fa-angle-right\"><\/i><span class=\"elementor-screen-only\">Suivant<\/span><\/span><\/a>\t\t\t<\/div>\n\t\t<\/div>\n\t\t\t\t\t\t<\/div>\n\t\t\t\t<\/div>\n\t\t\t\t\t<\/div>\n\t\t<\/div>\n\t\t\t\t\t<\/div>\n\t\t<\/section>\n\t\t\t\t<\/div>\n\t\t","protected":false},"excerpt":{"rendered":"<p>DROIT DES PERSONNES ET DE LA FAMILLE Le cabinet vous accompagne dans le domaine du droit des personnes et de la famille\u00a0: divorce, succession, tutelles, adoption. Nous vous assistons dans toutes les proc\u00e9dures, amiables ou contentieuses, li\u00e9es au droit de la famille\u00a0: proc\u00e9dure de divorce, partage, droit des successions. PROCEDURE DE DIVORCEOU DE SEPARATION S\u00e9paration [&hellip;]<\/p>\n","protected":false},"author":1,"featured_media":0,"parent":52,"menu_order":0,"comment_status":"closed","ping_status":"closed","template":"elementor_header_footer","meta":{"footnotes":""},"categories":[14],"tags":[],"folder":[23],"class_list":["post-896","page","type-page","status-publish","hentry","category-droit-des-personnes-et-de-la-famille"],"yoast_head":"<!-- This site is optimized with the Yoast SEO plugin v27.4 - https:\/\/yoast.com\/product\/yoast-seo-wordpress\/ -->\n<title>DROIT DES PERSONNES ET DE LA FAMILLE - Alpilles Avocats<\/title>\n<meta name=\"robots\" content=\"index, follow, max-snippet:-1, max-image-preview:large, max-video-preview:-1\" \/>\n<link rel=\"canonical\" href=\"https:\/\/www.alpilles-avocats.com\/fr_fr\/nos-competences\/droit-des-personnes-et-de-la-famille\/\" \/>\n<meta property=\"og:locale\" content=\"fr_FR\" \/>\n<meta property=\"og:type\" content=\"article\" \/>\n<meta property=\"og:title\" content=\"DROIT DES PERSONNES ET DE LA FAMILLE - Alpilles Avocats\" \/>\n<meta property=\"og:description\" content=\"DROIT DES PERSONNES ET DE LA FAMILLE Le cabinet vous accompagne dans le domaine du droit des personnes et de la famille\u00a0: divorce, succession, tutelles, adoption. Nous vous assistons dans toutes les proc\u00e9dures, amiables ou contentieuses, li\u00e9es au droit de la famille\u00a0: proc\u00e9dure de divorce, partage, droit des successions. PROCEDURE DE DIVORCEOU DE SEPARATION S\u00e9paration [&hellip;]\" \/>\n<meta property=\"og:url\" content=\"https:\/\/www.alpilles-avocats.com\/fr_fr\/nos-competences\/droit-des-personnes-et-de-la-famille\/\" \/>\n<meta property=\"og:site_name\" content=\"Alpilles Avocats\" \/>\n<meta property=\"article:modified_time\" content=\"2020-09-28T13:11:41+00:00\" \/>\n<meta property=\"og:image\" content=\"https:\/\/www.alpilles-avocats.com\/wp-content\/uploads\/2020\/07\/droit-des-personnes-et-de-la-famille-scaled.jpg\" \/>\n<meta name=\"twitter:card\" content=\"summary_large_image\" \/>\n<meta name=\"twitter:label1\" content=\"Dur\u00e9e de lecture estim\u00e9e\" \/>\n\t<meta name=\"twitter:data1\" content=\"2 minutes\" \/>\n<script type=\"application\/ld+json\" class=\"yoast-schema-graph\">{\"@context\":\"https:\\\/\\\/schema.org\",\"@graph\":[{\"@type\":\"WebPage\",\"@id\":\"https:\\\/\\\/www.alpilles-avocats.com\\\/fr_fr\\\/nos-competences\\\/droit-des-personnes-et-de-la-famille\\\/\",\"url\":\"https:\\\/\\\/www.alpilles-avocats.com\\\/fr_fr\\\/nos-competences\\\/droit-des-personnes-et-de-la-famille\\\/\",\"name\":\"DROIT DES PERSONNES ET DE LA FAMILLE - Alpilles Avocats\",\"isPartOf\":{\"@id\":\"https:\\\/\\\/www.alpilles-avocats.com\\\/fr_fr\\\/#website\"},\"primaryImageOfPage\":{\"@id\":\"https:\\\/\\\/www.alpilles-avocats.com\\\/fr_fr\\\/nos-competences\\\/droit-des-personnes-et-de-la-famille\\\/#primaryimage\"},\"image\":{\"@id\":\"https:\\\/\\\/www.alpilles-avocats.com\\\/fr_fr\\\/nos-competences\\\/droit-des-personnes-et-de-la-famille\\\/#primaryimage\"},\"thumbnailUrl\":\"https:\\\/\\\/www.alpilles-avocats.com\\\/wp-content\\\/uploads\\\/2020\\\/07\\\/droit-des-personnes-et-de-la-famille-scaled.jpg\",\"datePublished\":\"2020-09-03T19:25:43+00:00\",\"dateModified\":\"2020-09-28T13:11:41+00:00\",\"breadcrumb\":{\"@id\":\"https:\\\/\\\/www.alpilles-avocats.com\\\/fr_fr\\\/nos-competences\\\/droit-des-personnes-et-de-la-famille\\\/#breadcrumb\"},\"inLanguage\":\"fr-FR\",\"potentialAction\":[{\"@type\":\"ReadAction\",\"target\":[\"https:\\\/\\\/www.alpilles-avocats.com\\\/fr_fr\\\/nos-competences\\\/droit-des-personnes-et-de-la-famille\\\/\"]}]},{\"@type\":\"ImageObject\",\"inLanguage\":\"fr-FR\",\"@id\":\"https:\\\/\\\/www.alpilles-avocats.com\\\/fr_fr\\\/nos-competences\\\/droit-des-personnes-et-de-la-famille\\\/#primaryimage\",\"url\":\"https:\\\/\\\/www.alpilles-avocats.com\\\/wp-content\\\/uploads\\\/2020\\\/07\\\/droit-des-personnes-et-de-la-famille-scaled.jpg\",\"contentUrl\":\"https:\\\/\\\/www.alpilles-avocats.com\\\/wp-content\\\/uploads\\\/2020\\\/07\\\/droit-des-personnes-et-de-la-famille-scaled.jpg\"},{\"@type\":\"BreadcrumbList\",\"@id\":\"https:\\\/\\\/www.alpilles-avocats.com\\\/fr_fr\\\/nos-competences\\\/droit-des-personnes-et-de-la-famille\\\/#breadcrumb\",\"itemListElement\":[{\"@type\":\"ListItem\",\"position\":1,\"name\":\"Accueil\",\"item\":\"https:\\\/\\\/www.alpilles-avocats.com\\\/\"},{\"@type\":\"ListItem\",\"position\":2,\"name\":\"Nos Comp\u00e9tences\",\"item\":\"https:\\\/\\\/www.alpilles-avocats.com\\\/fr_fr\\\/nos-competences\\\/\"},{\"@type\":\"ListItem\",\"position\":3,\"name\":\"DROIT DES PERSONNES ET DE LA FAMILLE\"}]},{\"@type\":\"WebSite\",\"@id\":\"https:\\\/\\\/www.alpilles-avocats.com\\\/fr_fr\\\/#website\",\"url\":\"https:\\\/\\\/www.alpilles-avocats.com\\\/fr_fr\\\/\",\"name\":\"Alpilles Avocats\",\"description\":\"avocats \u00e0 Saint R\u00e9my de Provence\",\"publisher\":{\"@id\":\"https:\\\/\\\/www.alpilles-avocats.com\\\/fr_fr\\\/#organization\"},\"potentialAction\":[{\"@type\":\"SearchAction\",\"target\":{\"@type\":\"EntryPoint\",\"urlTemplate\":\"https:\\\/\\\/www.alpilles-avocats.com\\\/fr_fr\\\/?s={search_term_string}\"},\"query-input\":{\"@type\":\"PropertyValueSpecification\",\"valueRequired\":true,\"valueName\":\"search_term_string\"}}],\"inLanguage\":\"fr-FR\"},{\"@type\":\"Organization\",\"@id\":\"https:\\\/\\\/www.alpilles-avocats.com\\\/fr_fr\\\/#organization\",\"name\":\"Alpilles Avocats\",\"url\":\"https:\\\/\\\/www.alpilles-avocats.com\\\/fr_fr\\\/\",\"logo\":{\"@type\":\"ImageObject\",\"inLanguage\":\"fr-FR\",\"@id\":\"https:\\\/\\\/www.alpilles-avocats.com\\\/fr_fr\\\/#\\\/schema\\\/logo\\\/image\\\/\",\"url\":\"https:\\\/\\\/www.alpilles-avocats.com\\\/wp-content\\\/uploads\\\/2023\\\/01\\\/cropped-Logo_long_new-transparent-1.png\",\"contentUrl\":\"https:\\\/\\\/www.alpilles-avocats.com\\\/wp-content\\\/uploads\\\/2023\\\/01\\\/cropped-Logo_long_new-transparent-1.png\",\"width\":\"856\",\"height\":\"245\",\"caption\":\"Alpilles Avocats\"},\"image\":{\"@id\":\"https:\\\/\\\/www.alpilles-avocats.com\\\/fr_fr\\\/#\\\/schema\\\/logo\\\/image\\\/\"}}]}<\/script>\n<!-- \/ Yoast SEO plugin. -->","yoast_head_json":{"title":"DROIT DES PERSONNES ET DE LA FAMILLE - Alpilles Avocats","robots":{"index":"index","follow":"follow","max-snippet":"max-snippet:-1","max-image-preview":"max-image-preview:large","max-video-preview":"max-video-preview:-1"},"canonical":"https:\/\/www.alpilles-avocats.com\/fr_fr\/nos-competences\/droit-des-personnes-et-de-la-famille\/","og_locale":"fr_FR","og_type":"article","og_title":"DROIT DES PERSONNES ET DE LA FAMILLE - Alpilles Avocats","og_description":"DROIT DES PERSONNES ET DE LA FAMILLE Le cabinet vous accompagne dans le domaine du droit des personnes et de la famille\u00a0: divorce, succession, tutelles, adoption. Nous vous assistons dans toutes les proc\u00e9dures, amiables ou contentieuses, li\u00e9es au droit de la famille\u00a0: proc\u00e9dure de divorce, partage, droit des successions. PROCEDURE DE DIVORCEOU DE SEPARATION S\u00e9paration [&hellip;]","og_url":"https:\/\/www.alpilles-avocats.com\/fr_fr\/nos-competences\/droit-des-personnes-et-de-la-famille\/","og_site_name":"Alpilles Avocats","article_modified_time":"2020-09-28T13:11:41+00:00","og_image":[{"url":"https:\/\/www.alpilles-avocats.com\/wp-content\/uploads\/2020\/07\/droit-des-personnes-et-de-la-famille-scaled.jpg","type":"","width":"","height":""}],"twitter_card":"summary_large_image","twitter_misc":{"Dur\u00e9e de lecture estim\u00e9e":"2 minutes"},"schema":{"@context":"https:\/\/schema.org","@graph":[{"@type":"WebPage","@id":"https:\/\/www.alpilles-avocats.com\/fr_fr\/nos-competences\/droit-des-personnes-et-de-la-famille\/","url":"https:\/\/www.alpilles-avocats.com\/fr_fr\/nos-competences\/droit-des-personnes-et-de-la-famille\/","name":"DROIT DES PERSONNES ET DE LA FAMILLE - Alpilles Avocats","isPartOf":{"@id":"https:\/\/www.alpilles-avocats.com\/fr_fr\/#website"},"primaryImageOfPage":{"@id":"https:\/\/www.alpilles-avocats.com\/fr_fr\/nos-competences\/droit-des-personnes-et-de-la-famille\/#primaryimage"},"image":{"@id":"https:\/\/www.alpilles-avocats.com\/fr_fr\/nos-competences\/droit-des-personnes-et-de-la-famille\/#primaryimage"},"thumbnailUrl":"https:\/\/www.alpilles-avocats.com\/wp-content\/uploads\/2020\/07\/droit-des-personnes-et-de-la-famille-scaled.jpg","datePublished":"2020-09-03T19:25:43+00:00","dateModified":"2020-09-28T13:11:41+00:00","breadcrumb":{"@id":"https:\/\/www.alpilles-avocats.com\/fr_fr\/nos-competences\/droit-des-personnes-et-de-la-famille\/#breadcrumb"},"inLanguage":"fr-FR","potentialAction":[{"@type":"ReadAction","target":["https:\/\/www.alpilles-avocats.com\/fr_fr\/nos-competences\/droit-des-personnes-et-de-la-famille\/"]}]},{"@type":"ImageObject","inLanguage":"fr-FR","@id":"https:\/\/www.alpilles-avocats.com\/fr_fr\/nos-competences\/droit-des-personnes-et-de-la-famille\/#primaryimage","url":"https:\/\/www.alpilles-avocats.com\/wp-content\/uploads\/2020\/07\/droit-des-personnes-et-de-la-famille-scaled.jpg","contentUrl":"https:\/\/www.alpilles-avocats.com\/wp-content\/uploads\/2020\/07\/droit-des-personnes-et-de-la-famille-scaled.jpg"},{"@type":"BreadcrumbList","@id":"https:\/\/www.alpilles-avocats.com\/fr_fr\/nos-competences\/droit-des-personnes-et-de-la-famille\/#breadcrumb","itemListElement":[{"@type":"ListItem","position":1,"name":"Accueil","item":"https:\/\/www.alpilles-avocats.com\/"},{"@type":"ListItem","position":2,"name":"Nos Comp\u00e9tences","item":"https:\/\/www.alpilles-avocats.com\/fr_fr\/nos-competences\/"},{"@type":"ListItem","position":3,"name":"DROIT DES PERSONNES ET DE LA FAMILLE"}]},{"@type":"WebSite","@id":"https:\/\/www.alpilles-avocats.com\/fr_fr\/#website","url":"https:\/\/www.alpilles-avocats.com\/fr_fr\/","name":"Alpilles Avocats","description":"avocats \u00e0 Saint R\u00e9my de Provence","publisher":{"@id":"https:\/\/www.alpilles-avocats.com\/fr_fr\/#organization"},"potentialAction":[{"@type":"SearchAction","target":{"@type":"EntryPoint","urlTemplate":"https:\/\/www.alpilles-avocats.com\/fr_fr\/?s={search_term_string}"},"query-input":{"@type":"PropertyValueSpecification","valueRequired":true,"valueName":"search_term_string"}}],"inLanguage":"fr-FR"},{"@type":"Organization","@id":"https:\/\/www.alpilles-avocats.com\/fr_fr\/#organization","name":"Alpilles Avocats","url":"https:\/\/www.alpilles-avocats.com\/fr_fr\/","logo":{"@type":"ImageObject","inLanguage":"fr-FR","@id":"https:\/\/www.alpilles-avocats.com\/fr_fr\/#\/schema\/logo\/image\/","url":"https:\/\/www.alpilles-avocats.com\/wp-content\/uploads\/2023\/01\/cropped-Logo_long_new-transparent-1.png","contentUrl":"https:\/\/www.alpilles-avocats.com\/wp-content\/uploads\/2023\/01\/cropped-Logo_long_new-transparent-1.png","width":"856","height":"245","caption":"Alpilles Avocats"},"image":{"@id":"https:\/\/www.alpilles-avocats.com\/fr_fr\/#\/schema\/logo\/image\/"}}]}},"_links":{"self":[{"href":"https:\/\/www.alpilles-avocats.com\/fr_fr\/wp-json\/wp\/v2\/pages\/896","targetHints":{"allow":["GET"]}}],"collection":[{"href":"https:\/\/www.alpilles-avocats.com\/fr_fr\/wp-json\/wp\/v2\/pages"}],"about":[{"href":"https:\/\/www.alpilles-avocats.com\/fr_fr\/wp-json\/wp\/v2\/types\/page"}],"author":[{"embeddable":true,"href":"https:\/\/www.alpilles-avocats.com\/fr_fr\/wp-json\/wp\/v2\/users\/1"}],"replies":[{"embeddable":true,"href":"https:\/\/www.alpilles-avocats.com\/fr_fr\/wp-json\/wp\/v2\/comments?post=896"}],"version-history":[{"count":0,"href":"https:\/\/www.alpilles-avocats.com\/fr_fr\/wp-json\/wp\/v2\/pages\/896\/revisions"}],"up":[{"embeddable":true,"href":"https:\/\/www.alpilles-avocats.com\/fr_fr\/wp-json\/wp\/v2\/pages\/52"}],"wp:attachment":[{"href":"https:\/\/www.alpilles-avocats.com\/fr_fr\/wp-json\/wp\/v2\/media?parent=896"}],"wp:term":[{"taxonomy":"category","embeddable":true,"href":"https:\/\/www.alpilles-avocats.com\/fr_fr\/wp-json\/wp\/v2\/categories?post=896"},{"taxonomy":"post_tag","embeddable":true,"href":"https:\/\/www.alpilles-avocats.com\/fr_fr\/wp-json\/wp\/v2\/tags?post=896"},{"taxonomy":"folder","embeddable":true,"href":"https:\/\/www.alpilles-avocats.com\/fr_fr\/wp-json\/wp\/v2\/folder?post=896"}],"curies":[{"name":"wp","href":"https:\/\/api.w.org\/{rel}","templated":true}]}}